{"id":60,"date":"2026-03-03T02:25:43","date_gmt":"2026-03-03T02:25:43","guid":{"rendered":"https:\/\/casa.queraltjorba.com\/?page_id=60"},"modified":"2026-03-03T02:28:00","modified_gmt":"2026-03-03T02:28:00","slug":"vital","status":"publish","type":"page","link":"https:\/\/casa.queraltjorba.com\/index.php\/vital\/","title":{"rendered":"Vital"},"content":{"rendered":"<div class=\"et_pb_section_0 et_pb_section et_section_regular et_block_section\">\n<div class=\"et_pb_row_0 et_pb_row et_block_row et_animated\">\n<div class=\"et_pb_column_0 et_pb_column et_pb_column_1_3 et_block_column et_pb_css_mix_blend_mode_passthrough\">\n<div class=\"et_pb_image_0 et_pb_image et_animated et_pb_module et_block_module\"><span class=\"et_pb_image_wrap\"><img loading=\"lazy\" decoding=\"async\" src=\"https:\/\/casa.queraltjorba.com\/wp-content\/uploads\/2026\/03\/psicologia-de-les-beguines.png\" width=\"500\" height=\"500\" srcset=\"https:\/\/casa.queraltjorba.com\/wp-content\/uploads\/2026\/03\/psicologia-de-les-beguines.png 500w, https:\/\/casa.queraltjorba.com\/wp-content\/uploads\/2026\/03\/psicologia-de-les-beguines-480x480.png 480w\" sizes=\"(min-width: 0px) and (max-width: 480px) 480px, (min-width: 481px) 500px, 100vw\" class=\"wp-image-63\" title=\"psicologia de les beguines\" \/><\/span><\/div>\n<\/div>\n\n<div class=\"et_pb_column_1 et_pb_column et_pb_column_2_3 et-last-child et_block_column et_pb_css_mix_blend_mode_passthrough\">\n<div class=\"et_pb_text_0 et_pb_text et_pb_bg_layout_dark et_pb_module et_block_module\"><div class=\"et_pb_text_inner\"><h1 data-start=\"291\" data-end=\"410\">Tot comen\u00e7a aqu\u00ed.<\/h1>\n<h2>En la solitud de la pr\u00f2pia companyia.<\/h2>\n<p>Submergeix-te en la teva veritat per ordenar la resta d\u2019\u00e0rees de la teva vida.<\/p>\n<\/div><\/div>\n\n<div class=\"et_pb_module et_pb_button_module_wrapper et_pb_button_0_wrapper\"><a class=\"et_pb_button_0 et_pb_button et_pb_bg_layout_dark et_pb_module et_block_module\" href=\"\" data-icon=\"\uf56b\">Reserva ara la teva Consultoria Vital<\/a><\/div>\n<\/div>\n<\/div>\n<\/div>\n\n<div class=\"et_pb_section_1 et_pb_section et_section_regular et_block_section\">\n<div class=\"et_pb_row_1 et_pb_row et_block_row et_animated\">\n<div class=\"et_pb_column_2 et_pb_column et_pb_column_4_4 et-last-child et_block_column et_pb_css_mix_blend_mode_passthrough\">\n<div class=\"et_pb_text_1 et_pb_text et_pb_bg_layout_light et_pb_module et_block_module\"><div class=\"et_pb_text_inner\"><h3 style=\"text-align: center;\">Quan estem desconnectades de nosaltres mateixes, tot sembla buit i tot ens desgasta.<\/h3>\n<\/div><\/div>\n<\/div>\n<\/div>\n\n<div class=\"et_pb_row_2 et_pb_row et_block_row\">\n<div class=\"et_pb_column_3 et_pb_column et_pb_column_4_4 et-last-child et_block_column et_pb_css_mix_blend_mode_passthrough\">\n<div class=\"et_pb_text_2 et_pb_text et_pb_bg_layout_light et_pb_module et_block_module\"><div class=\"et_pb_text_inner\"><p data-start=\"480\" data-end=\"603\">Quan perds el contacte amb tu, tot es torna feixuc.<br data-start=\"536\" data-end=\"539\" \/>El que abans tenia sentit es buida, i all\u00f2 que abans t'emocionava et comen\u00e7a a desgastar.<\/p>\n<p data-start=\"480\" data-end=\"603\">En canvi, quan est\u00e0s b\u00e9 amb tu mateixa, tot flueix amb gr\u00e0cia.<br data-start=\"395\" data-end=\"398\" \/>Les relacions es tornen nutritives i la resta d\u2019\u00e0rees de la teva vida s\u2019ordenen.<\/p>\n<p data-start=\"605\" data-end=\"837\">Hem normalitzat viure saturades d\u2019est\u00edmuls i respondre cont\u00ednuament a demandes externes, a costa d\u2019escoltar qu\u00e8 est\u00e0 realment viu dins nostre.<br data-start=\"747\" data-end=\"750\" \/>Aix\u00f2 genera cansament emocional, dispersi\u00f3 i una sensaci\u00f3 persistent de no arribar a tot.<\/p>\n<p data-start=\"839\" data-end=\"974\">El problema ja no \u00e9s nom\u00e9s extern.<br data-start=\"873\" data-end=\"876\" \/>Cal posar l\u00edmits tamb\u00e9 al soroll intern que ens impedeix descansar, gaudir i avan\u00e7ar amb claredat.<\/p>\n<\/div><\/div>\n<\/div>\n<\/div>\n\n<div class=\"et_pb_row_3 et_pb_row et_block_row\">\n<div class=\"et_pb_column_4 et_pb_column et_pb_column_4_4 et-last-child et_block_column et_pb_css_mix_blend_mode_passthrough\">\n<div class=\"et_pb_image_1 et_pb_image et_animated et_pb_module et_block_module\"><span class=\"et_pb_image_wrap\"><img loading=\"lazy\" decoding=\"async\" src=\"https:\/\/casa.queraltjorba.com\/wp-content\/uploads\/2026\/03\/connexio-interna-scaled-1.jpg\" width=\"2560\" height=\"1422\" srcset=\"https:\/\/casa.queraltjorba.com\/wp-content\/uploads\/2026\/03\/connexio-interna-scaled-1.jpg 2560w, https:\/\/casa.queraltjorba.com\/wp-content\/uploads\/2026\/03\/connexio-interna-scaled-1-1280x711.jpg 1280w, https:\/\/casa.queraltjorba.com\/wp-content\/uploads\/2026\/03\/connexio-interna-scaled-1-980x544.jpg 980w, https:\/\/casa.queraltjorba.com\/wp-content\/uploads\/2026\/03\/connexio-interna-scaled-1-480x267.jpg 480w\" sizes=\"(min-width: 0px) and (max-width: 480px) 480px, (min-width: 481px) and (max-width: 980px) 980px, (min-width: 981px) and (max-width: 1280px) 1280px, (min-width: 1281px) 2560px, 100vw\" class=\"wp-image-64\" title=\"connexi\u00f3 interna\" \/><\/span><\/div>\n<\/div>\n<\/div>\n<\/div>\n\n<div class=\"et_pb_section_2 et_pb_section et_section_regular et_block_section\">\n<div class=\"et_pb_row_4 et_pb_row et_block_row et_animated\">\n<div class=\"et_pb_column_5 et_pb_column et_pb_column_4_4 et-last-child et_block_column et_pb_css_mix_blend_mode_passthrough\">\n<div class=\"et_pb_text_3 et_pb_text et_pb_bg_layout_dark et_pb_module et_block_module\"><div class=\"et_pb_text_inner\"><h3 style=\"text-align: center;\">T\u2019ajudo a veure all\u00f2 que \u00e9s tan tu, tan inherent a tu mateixa, que et costa de percebre.<\/h3>\n<p>&nbsp;<\/p>\n<\/div><\/div>\n<\/div>\n<\/div>\n\n<div class=\"et_pb_row_5 et_pb_row et_block_row\">\n<div class=\"et_pb_column_6 et_pb_column et_pb_column_4_4 et-last-child et_block_column et_pb_css_mix_blend_mode_passthrough\">\n<div class=\"et_pb_text_4 et_pb_text et_pb_bg_layout_dark et_pb_module et_block_module\"><div class=\"et_pb_text_inner\"><p>Saps aquell moment que busques les ulleres i, de cop, te\u2019n adones que ja les portes posades?<\/p>\n<p>Dins teu hi ha una porta que et condueix al parad\u00eds, per\u00f2 es troba tan a prop que \u00e9s f\u00e0cil obviar-la.<\/p>\n<p>Les respostes viuen dins teu; per\u00f2 de vegades \u00e9s a trav\u00e9s de la mirada de l\u2019altre que recordes parts de tu que havien quedat amagades.<\/p>\n<\/div><\/div>\n<\/div>\n<\/div>\n\n<div class=\"et_pb_row_6 et_pb_row et_pb_equal_columns et_pb_gutters1 et_block_row\">\n<div class=\"et_pb_column_7 et_pb_column et_pb_column_1_2 et_block_column et_pb_column_empty et_pb_css_mix_blend_mode_passthrough\"><\/div>\n\n<div class=\"et_pb_column_8 et_pb_column et_pb_column_1_2 et-last-child et_block_column et_pb_css_mix_blend_mode_passthrough\">\n<div class=\"et_pb_text_5 et_pb_text et_pb_bg_layout_dark et_animated et_pb_module et_block_module\"><div class=\"et_pb_text_inner\"><p>T\u2019ajudo a sortir d\u2019aquell carrer\u00f3 sense sortida que nom\u00e9s et genera maldecaps.<\/p>\n<p>Juntes descartarem el gra de la palla, tot reduint el soroll al teu voltant, perqu\u00e8 puguis centrar-te en el que realment \u00e9s important.<\/p>\n<p>T'acompanyo perqu\u00e8 la for\u00e7a de la vida sigui la teva principal aliada.<\/p>\n<\/div><\/div>\n<\/div>\n<\/div>\n\n<div class=\"et_pb_row_7 et_pb_row et_pb_equal_columns et_pb_gutters1 et_block_row\">\n<div class=\"et_pb_column_9 et_pb_column et_pb_column_1_2 et_block_column et_pb_css_mix_blend_mode_passthrough\">\n<div class=\"et_pb_text_6 et_pb_text et_pb_bg_layout_dark et_animated et_pb_module et_block_module\"><div class=\"et_pb_text_inner\"><p>\u00a0Aquesta consultoria \u00e9s una invitaci\u00f3 a cuidar la s\u00e0via que viu dins teu: aquella part que sap trobar for\u00e7a, claredat i direcci\u00f3 en el silenci.<\/p>\n<p>T\u2019acompanyo a redescobrir el magnetisme de la solitud com a espai f\u00e8rtil. Ens valdrem de la psic\u00f2loga integradora, l'escolta de propi cos, aix\u00ed com la saviesa acumulada de ermitans i comunitats que han estat investigant profundament en la ci\u00e8ncia de la vida interior.<\/p>\n<\/div><\/div>\n<\/div>\n\n<div class=\"et_pb_column_10 et_pb_column et_pb_column_1_2 et-last-child et_block_column et_pb_column_empty et_pb_css_mix_blend_mode_passthrough\"><\/div>\n<\/div>\n<\/div>\n\n<div class=\"et_pb_section_3 et_pb_section et_section_regular et_block_section\">\n<div class=\"et_pb_row_8 et_pb_row et_pb_row_1-4_3-4 et_block_row et_block_row_1-4_3-4\">\n<div class=\"et_pb_column_11 et_pb_column et_pb_column_1_4 et_block_column et_pb_css_mix_blend_mode_passthrough\">\n<div class=\"et_pb_image_2 et_pb_image et_animated et_pb_module et_block_module\"><span class=\"et_pb_image_wrap\"><img loading=\"lazy\" decoding=\"async\" src=\"https:\/\/casa.queraltjorba.com\/wp-content\/uploads\/2026\/03\/dona-salvatge.png\" width=\"500\" height=\"500\" srcset=\"https:\/\/casa.queraltjorba.com\/wp-content\/uploads\/2026\/03\/dona-salvatge.png 500w, https:\/\/casa.queraltjorba.com\/wp-content\/uploads\/2026\/03\/dona-salvatge-480x480.png 480w\" sizes=\"(min-width: 0px) and (max-width: 480px) 480px, (min-width: 481px) 500px, 100vw\" class=\"wp-image-67\" title=\"dona salvatge\" \/><\/span><\/div>\n<\/div>\n\n<div class=\"et_pb_column_12 et_pb_column et_pb_column_3_4 et-last-child et_block_column et_pb_css_mix_blend_mode_passthrough\">\n<div class=\"et_pb_text_7 et_pb_text et_pb_bg_layout_light et_animated et_pb_module et_block_module\"><div class=\"et_pb_text_inner\"><p>&nbsp;<\/p>\n<h4>\u00c9s moment de recuperar la brillantor als ulls<span style=\"font-weight: 400;\"><\/span><\/h4>\n<p>Est\u00e0s compromesa amb el teu creixement. Fa anys que regues el teu cam\u00ed, sostens i dones. I ara et trobes en un punt d'inflexi\u00f3 i et mereixes una atenci\u00f3 especial.<\/p>\n<\/div><\/div>\n<\/div>\n<\/div>\n\n<div class=\"et_pb_row_9 et_pb_row et_pb_equal_columns et_pb_gutters1 et_block_row\">\n<div class=\"et_pb_column_13 et_pb_column et_pb_column_1_2 et_block_column et_pb_css_mix_blend_mode_passthrough\">\n<div class=\"et_pb_text_8 et_pb_text et_pb_bg_layout_light et_pb_module et_block_module\"><div class=\"et_pb_text_inner\"><h3>Metodologia<\/h3>\n<ul>\n<li aria-level=\"1\">Treball profund<\/li>\n<li aria-level=\"1\">Identificaci\u00f3 de patrons<\/li>\n<li aria-level=\"1\">Integraci\u00f3 de cos, emocions, inconscient i estructura vital<\/li>\n<li aria-level=\"1\">Regulaci\u00f3 i expansi\u00f3 de la capacitat del sistema nervi\u00f3s<\/li>\n<li aria-level=\"1\">Mirada sist\u00e8mica<\/li>\n<li aria-level=\"1\">Menys esfor\u00e7, m\u00e9s alineaci\u00f3<\/li>\n<li aria-level=\"1\">Sistemes provats<\/li>\n<li aria-level=\"1\">Pla d\u2019acci\u00f3 \u00fanic i adaptat a la teva realitat<\/li>\n<\/ul>\n<\/div><\/div>\n<\/div>\n\n<div class=\"et_pb_column_14 et_pb_column et_pb_column_1_2 et-last-child et_block_column et_pb_column_empty et_pb_css_mix_blend_mode_passthrough\"><\/div>\n<\/div>\n<\/div>\n\n<div class=\"et_pb_section_4 et_pb_section et_section_regular et_block_section\">\n<div class=\"et_pb_row_10 et_pb_row et_block_row et_animated\">\n<div class=\"et_pb_column_15 et_pb_column et_pb_column_4_4 et-last-child et_block_column et_pb_css_mix_blend_mode_passthrough\">\n<div class=\"et_pb_text_9 et_pb_text et_pb_bg_layout_dark et_pb_module et_block_module\"><div class=\"et_pb_text_inner\"><h3 style=\"text-align: center;\">Reserva la teva Consultoria Vital<\/h3>\n<\/div><\/div>\n<\/div>\n<\/div>\n\n<div class=\"et_pb_row_11 et_pb_row et_block_row\">\n<div class=\"et_pb_column_16 et_pb_column et_pb_column_2_3 et_block_column et_pb_css_mix_blend_mode_passthrough\">\n<div class=\"et_pb_text_10 et_pb_text et_pb_bg_layout_dark et_pb_module et_block_module\"><div class=\"et_pb_text_inner\"><h3 data-start=\"163\" data-end=\"178\">QU\u00c8 INCLOU?<\/h3>\n<p data-start=\"180\" data-end=\"385\">\u2714 <strong data-start=\"182\" data-end=\"210\">Sessi\u00f3 individual online<\/strong>\u00a0on tra\u00e7arem el teu full de ruta\u00a0<br data-start=\"255\" data-end=\"258\" \/>\u2714 <strong data-start=\"260\" data-end=\"286\">Material descarregable<\/strong> per aprofundir i integrar el treball realitzat<br data-start=\"333\" data-end=\"336\" \/>\u2714 <strong data-start=\"338\" data-end=\"371\">Acc\u00e9s a sessions de seguiment<\/strong> a preu redu\u00eft<\/p>\n<p data-start=\"387\" data-end=\"396\"><strong data-start=\"387\" data-end=\"396\">BONUS<\/strong><\/p>\n<p data-start=\"398\" data-end=\"542\">\u2714 <strong data-start=\"400\" data-end=\"447\">Acc\u00e9s gratu\u00eft durant un mes a <em data-start=\"432\" data-end=\"445\">La Pr\u00e0ctica<\/em><\/strong><br data-start=\"447\" data-end=\"450\" \/>Un espai per reconnectar amb la teva visi\u00f3, els teus h\u00e0bits i el teu cos.<\/p>\n<\/div><\/div>\n<\/div>\n\n<div class=\"et_pb_column_17 et_pb_column et_pb_column_1_3 et-last-child et_block_column et_pb_css_mix_blend_mode_passthrough\">\n<div class=\"et_pb_image_3 et_pb_image et_animated et_pb_module et_block_module\"><span class=\"et_pb_image_wrap\"><img loading=\"lazy\" decoding=\"async\" src=\"https:\/\/casa.queraltjorba.com\/wp-content\/uploads\/2026\/03\/psicologia-profunda-jung.png\" width=\"500\" height=\"500\" srcset=\"https:\/\/casa.queraltjorba.com\/wp-content\/uploads\/2026\/03\/psicologia-profunda-jung.png 500w, https:\/\/casa.queraltjorba.com\/wp-content\/uploads\/2026\/03\/psicologia-profunda-jung-480x480.png 480w\" sizes=\"(min-width: 0px) and (max-width: 480px) 480px, (min-width: 481px) 500px, 100vw\" class=\"wp-image-51\" title=\"psicologia profunda jung\" \/><\/span><\/div>\n<\/div>\n<\/div>\n\n<div class=\"et_pb_row_12 et_pb_row et_block_row\">\n<div class=\"et_pb_column_18 et_pb_column et_pb_column_4_4 et-last-child et_block_column et_pb_css_mix_blend_mode_passthrough\">\n<div class=\"et_pb_module et_pb_button_module_wrapper et_pb_button_1_wrapper\"><a class=\"et_pb_button_1 et_pb_button et_pb_bg_layout_light et_pb_module et_block_module\" href=\"\">Reserva ara la teva Consultoria Vital<\/a><\/div>\n<\/div>\n<\/div>\n<\/div>","protected":false},"excerpt":{"rendered":"","protected":false},"author":1,"featured_media":0,"parent":0,"menu_order":0,"comment_status":"closed","ping_status":"closed","template":"","meta":{"footnotes":""},"class_list":["post-60","page","type-page","status-publish","hentry"],"_links":{"self":[{"href":"https:\/\/casa.queraltjorba.com\/index.php\/wp-json\/wp\/v2\/pages\/60","targetHints":{"allow":["GET"]}}],"collection":[{"href":"https:\/\/casa.queraltjorba.com\/index.php\/wp-json\/wp\/v2\/pages"}],"about":[{"href":"https:\/\/casa.queraltjorba.com\/index.php\/wp-json\/wp\/v2\/types\/page"}],"author":[{"embeddable":true,"href":"https:\/\/casa.queraltjorba.com\/index.php\/wp-json\/wp\/v2\/users\/1"}],"replies":[{"embeddable":true,"href":"https:\/\/casa.queraltjorba.com\/index.php\/wp-json\/wp\/v2\/comments?post=60"}],"version-history":[{"count":3,"href":"https:\/\/casa.queraltjorba.com\/index.php\/wp-json\/wp\/v2\/pages\/60\/revisions"}],"predecessor-version":[{"id":78,"href":"https:\/\/casa.queraltjorba.com\/index.php\/wp-json\/wp\/v2\/pages\/60\/revisions\/78"}],"wp:attachment":[{"href":"https:\/\/casa.queraltjorba.com\/index.php\/wp-json\/wp\/v2\/media?parent=60"}],"curies":[{"name":"wp","href":"https:\/\/api.w.org\/{rel}","templated":true}]}}