{"id":43,"date":"2026-03-03T02:24:01","date_gmt":"2026-03-03T02:24:01","guid":{"rendered":"https:\/\/casa.queraltjorba.com\/?page_id=43"},"modified":"2026-04-30T18:18:40","modified_gmt":"2026-04-30T18:18:40","slug":"queralt-jorba","status":"publish","type":"page","link":"https:\/\/casa.queraltjorba.com\/index.php\/queralt-jorba\/","title":{"rendered":"Queralt Jorba"},"content":{"rendered":"<div class=\"et_pb_section_0 et_pb_section et_section_regular et_block_section\">\n<div class=\"et_pb_row_0 et_pb_row et_flex_row\">\n<div class=\"et_pb_column_0 et_pb_column et-last-child et_flex_column et_pb_css_mix_blend_mode_passthrough et_flex_column_24_24 et_flex_column_24_24_tablet et_flex_column_24_24_phone\">\n<div class=\"et_pb_text_0 et_pb_text et_pb_bg_layout_dark et_pb_module et_flex_module\"><div class=\"et_pb_text_inner\"><h3 style=\"text-align: center;\">El meu prop\u00f2sit \u00e9s contribuir a crear col\u00b7laboracions exquisides, a on el vincle \u00e9s una font de creativitat i confian\u00e7a, i les estructures estan al servei de la vida.<\/h3>\n<\/div><\/div>\n<\/div>\n<\/div>\n\n<div class=\"et_pb_row_1 et_pb_row et_flex_row\">\n<div class=\"et_pb_column_1 et_pb_column et-last-child et_flex_column et_pb_css_mix_blend_mode_passthrough et_flex_column_24_24 et_flex_column_24_24_tablet et_flex_column_24_24_phone\">\n<div class=\"et_pb_image_0 et_pb_image et_pb_module et_flex_module\"><span class=\"et_pb_image_wrap\"><img loading=\"lazy\" decoding=\"async\" src=\"https:\/\/casa.queraltjorba.com\/wp-content\/uploads\/2026\/03\/queralt-jorba-coaching-sistemic.jpg\" title=\"queralt-jorba-coaching-sistemic\" width=\"2048\" height=\"997\" srcset=\"https:\/\/casa.queraltjorba.com\/wp-content\/uploads\/2026\/03\/queralt-jorba-coaching-sistemic.jpg 2048w, https:\/\/casa.queraltjorba.com\/wp-content\/uploads\/2026\/03\/queralt-jorba-coaching-sistemic-1280x623.jpg 1280w, https:\/\/casa.queraltjorba.com\/wp-content\/uploads\/2026\/03\/queralt-jorba-coaching-sistemic-980x477.jpg 980w, https:\/\/casa.queraltjorba.com\/wp-content\/uploads\/2026\/03\/queralt-jorba-coaching-sistemic-480x234.jpg 480w\" sizes=\"(min-width: 0px) and (max-width: 480px) 480px, (min-width: 481px) and (max-width: 980px) 980px, (min-width: 981px) and (max-width: 1280px) 1280px, (min-width: 1281px) 2048px, 100vw\" class=\"wp-image-48\" \/><\/span><\/div>\n<\/div>\n<\/div>\n\n<div class=\"et_pb_row_2 et_pb_row et_block_row\">\n<div class=\"et_pb_column_2 et_pb_column et_pb_column_4_4 et-last-child et_block_column et_pb_css_mix_blend_mode_passthrough\">\n<div class=\"et_pb_text_1 et_pb_text et_pb_bg_layout_dark et_pb_module et_block_module\"><div class=\"et_pb_text_inner\"><p>S\u00f3c la Queralt Jorba, psic\u00f2loga enfocada en les relacions humanes, la gesti\u00f3 del trauma i el desenvolupament organitzacional.<\/p>\n<\/div><\/div>\n\n<div class=\"et_pb_text_2 et_pb_text et_pb_bg_layout_dark et_pb_module et_block_module\"><div class=\"et_pb_text_inner\"><p>Acompanyo persones, parelles i organitzacions a trobar el seu punt \u00f2ptim: aquell lloc on els propis entrebancs deixen de bloquejar i es transformen en claredat, coher\u00e8ncia i capacitat d\u2019acci\u00f3.<\/p>\n<\/div><\/div>\n<\/div>\n<\/div>\n<\/div>\n\n<div class=\"et_pb_section_1 et_pb_section et_section_regular et_block_section\">\n<div class=\"et_pb_row_3 et_pb_row et_block_row\">\n<div class=\"et_pb_column_3 et_pb_column et_pb_column_1_2 et_block_column et_pb_css_mix_blend_mode_passthrough\">\n<div class=\"et_pb_image_1 et_pb_image et_animated et_pb_module et_block_module\"><span class=\"et_pb_image_wrap\"><img loading=\"lazy\" decoding=\"async\" src=\"https:\/\/casa.queraltjorba.com\/wp-content\/uploads\/2026\/03\/Q-J12.png\" width=\"500\" height=\"500\" srcset=\"https:\/\/casa.queraltjorba.com\/wp-content\/uploads\/2026\/03\/Q-J12.png 500w, https:\/\/casa.queraltjorba.com\/wp-content\/uploads\/2026\/03\/Q-J12-480x480.png 480w\" sizes=\"(min-width: 0px) and (max-width: 480px) 480px, (min-width: 481px) 500px, 100vw\" class=\"wp-image-46\" title=\"Q J(12)\" \/><\/span><\/div>\n<\/div>\n\n<div class=\"et_pb_column_4 et_pb_column et_pb_column_1_2 et-last-child et_block_column et_pb_css_mix_blend_mode_passthrough\">\n<div class=\"et_pb_text_3 et_pb_text et_pb_bg_layout_dark et_pb_module et_block_module\"><div class=\"et_pb_text_inner\"><h3 style=\"text-align: center;\">El meu desig \u00e9s que ocupis el teu lloc amb naturalitat i fermesa.<\/h3>\n<\/div><\/div>\n<\/div>\n<\/div>\n\n<div class=\"et_pb_row_4 et_pb_row et_block_row et_animated\">\n<div class=\"et_pb_column_5 et_pb_column et_pb_column_4_4 et-last-child et_block_column et_pb_css_mix_blend_mode_passthrough\">\n<div class=\"et_pb_text_4 et_pb_text et_pb_bg_layout_dark et_pb_module et_block_module\"><div class=\"et_pb_text_inner\"><p>Al llarg d'aquests 15 anys de traject\u00f2ria en el camp de la psicologia integradora i la psicoter\u00e0pia, m\u2019he anat especialitzat en relacions de parella aut\u00e8ntiques i no convencionals.<\/p>\n<p>Paral\u00b7lelament, porto una vida formant part d\u2019empreses i col\u00b7lectius amb comprom\u00eds social i amb el temps m\u2019he dedicat a\u00a0 donar suport a l\u00edders de negocis per tal d'optimitzar-ne l\u2019estructura i l\u2019ordre intern de les organitzacions custodien.<\/p>\n<\/div><\/div>\n<\/div>\n<\/div>\n<\/div>\n\n<div class=\"et_pb_section_2 et_pb_section et_section_regular et_block_section\">\n<div class=\"et_pb_row_5 et_pb_row et_block_row et_animated\">\n<div class=\"et_pb_column_6 et_pb_column et_pb_column_4_4 et-last-child et_block_column et_pb_css_mix_blend_mode_passthrough\">\n<div class=\"et_pb_text_5 et_pb_text et_pb_bg_layout_light et_pb_module et_block_module\"><div class=\"et_pb_text_inner\"><h3>Els negocis com els matrimonis poden ser estructures que sostenen la vida o convertir-se en una font constant de tensi\u00f3 i desgast.<\/h3>\n<\/div><\/div>\n<\/div>\n<\/div>\n\n<div class=\"et_pb_row_6 et_pb_row et_block_row\">\n<div class=\"et_pb_column_7 et_pb_column et_pb_column_2_3 et_block_column et_pb_css_mix_blend_mode_passthrough\">\n<div class=\"et_pb_text_6 et_pb_text et_pb_bg_layout_light et_pb_module et_block_module\"><div class=\"et_pb_text_inner\"><p>Tot i ser \u00e0mbits diferents, s\u00f3n els dos pilars que ocupen m\u00e9s temps, energia i implicaci\u00f3 emocional, i els que tenen un impacte m\u00e9s directe en el nostre benestar i felicitat. Quan hi ha coher\u00e8ncia, ordre i passi\u00f3, aix\u00f2 es percep i s\u2019encomana.<\/p>\n<\/div><\/div>\n<\/div>\n\n<div class=\"et_pb_column_8 et_pb_column et_pb_column_1_3 et-last-child et_block_column et_pb_css_mix_blend_mode_passthrough\">\n<div class=\"et_pb_image_2 et_pb_image et_animated et_pb_module et_block_module\"><span class=\"et_pb_image_wrap\"><img loading=\"lazy\" decoding=\"async\" src=\"https:\/\/casa.queraltjorba.com\/wp-content\/uploads\/2026\/03\/Q-J16.png\" width=\"500\" height=\"500\" srcset=\"https:\/\/casa.queraltjorba.com\/wp-content\/uploads\/2026\/03\/Q-J16.png 500w, https:\/\/casa.queraltjorba.com\/wp-content\/uploads\/2026\/03\/Q-J16-480x480.png 480w\" sizes=\"(min-width: 0px) and (max-width: 480px) 480px, (min-width: 481px) 500px, 100vw\" class=\"wp-image-47\" title=\"Q J(16)\" \/><\/span><\/div>\n<\/div>\n<\/div>\n<\/div>\n\n<div class=\"et_pb_section_3 et_pb_section et_section_regular et_block_section\">\n<div class=\"et_pb_row_7 et_pb_row et_block_row et_animated\">\n<div class=\"et_pb_column_9 et_pb_column et_pb_column_4_4 et-last-child et_block_column et_pb_css_mix_blend_mode_passthrough\">\n<div class=\"et_pb_text_7 et_pb_text et_pb_bg_layout_dark et_pb_module et_block_module\"><div class=\"et_pb_text_inner\"><h3 style=\"text-align: center;\">Una mica m\u00e9s sobre mi\u2026<\/h3>\n<\/div><\/div>\n<\/div>\n<\/div>\n\n<div class=\"et_pb_row_8 et_pb_row et_block_row\">\n<div class=\"et_pb_column_10 et_pb_column et_pb_column_4_4 et-last-child et_block_column et_pb_css_mix_blend_mode_passthrough\">\n<div class=\"et_pb_text_8 et_pb_text et_pb_bg_layout_dark et_pb_module et_block_module\"><div class=\"et_pb_text_inner\"><p>S\u00f3c la Queralt Jorba.<br \/>Tot i estar profundament arrelada al meu lloc d\u2019origen, he viscut en contextos molt diversos: al mig del bosc, a la metropolis, sensa aigua corent davant del mar, al meu poble natal o a l\u2019altra banda de l\u2019oce\u00e0.<\/p>\n<p>M\u2019he criat en una empresa familiar de tercera generaci\u00f3, he fundat una comunitat de cohabitatge, he impulsat projectes socials, coorganitzat festivals de dansa i liderat un moviment internacional entorn la sexualitat conscient. Aquesta traject\u00f2ria m\u2019ha ensenyat que no hi ha una \u00fanica manera de viure, sin\u00f3 estructures que faciliten la vida i d\u2019altres que la dificulten, i que cadasc\u00fa pot elaborar la seva pr\u00f2pia recepta.<\/p>\n<\/div><\/div>\n\n<div class=\"et_pb_image_3 et_pb_image et_animated et_pb_module et_block_module\"><span class=\"et_pb_image_wrap\"><img loading=\"lazy\" decoding=\"async\" src=\"https:\/\/casa.queraltjorba.com\/wp-content\/uploads\/2026\/03\/Q-J31.png\" title=\"Q-J31\" width=\"500\" height=\"500\" srcset=\"https:\/\/casa.queraltjorba.com\/wp-content\/uploads\/2026\/03\/Q-J31.png 500w, https:\/\/casa.queraltjorba.com\/wp-content\/uploads\/2026\/03\/Q-J31-480x480.png 480w\" sizes=\"(min-width: 0px) and (max-width: 480px) 480px, (min-width: 481px) 500px, 100vw\" class=\"wp-image-76\" \/><\/span><\/div>\n<\/div>\n<\/div>\n\n<div class=\"et_pb_row_9 et_pb_row et_pb_equal_columns et_pb_gutters1 et_block_row\">\n<div class=\"et_pb_column_11 et_pb_column et_pb_column_1_2 et_block_column et_pb_css_mix_blend_mode_passthrough\">\n<div class=\"et_pb_text_9 et_pb_text et_pb_bg_layout_dark et_animated et_pb_module et_block_module\"><div class=\"et_pb_text_inner\"><p>FORMACI\u00d3<\/p>\n<p><strong>Un cop acabada la llicenciatura de Psicologia<\/strong>, em vaig endinsar en el m\u00f3n de les Psicoter\u00e0pies Creatives a trav\u00e9s de la <strong>Dansa Moviment Ter\u00e0pia<\/strong>, per continuar formant-me posteriorment en <strong>Coaching Sist\u00e8mic<\/strong> i treball amb les Parts Internes, <strong>Lideratge empresarial i M\u00e0rqueting<\/strong>, <strong>Psicologia del Trauma i Som\u00e0tic Experiencing<\/strong>.<\/p>\n<p><strong>La dansa i el treball corporal<\/strong> amplien la meva formaci\u00f3 en psicologia. <strong>El nostre organisme guarda informaci\u00f3 essencial<\/strong> sobre qui som, qu\u00e8 necessitem i com ens relacionem. A trav\u00e9s del <strong>cos, el moviment i la respiraci\u00f3<\/strong> accedim al present, l\u2019espai on es produeix el canvi real.<\/p>\n<\/div><\/div>\n<\/div>\n\n<div class=\"et_pb_column_12 et_pb_column et_pb_column_1_2 et-last-child et_block_column et_pb_column_empty et_pb_css_mix_blend_mode_passthrough\"><\/div>\n<\/div>\n\n<div class=\"et_pb_row_10 et_pb_row et_pb_equal_columns et_pb_gutters1 et_block_row\">\n<div class=\"et_pb_column_13 et_pb_column et_pb_column_1_2 et_block_column et_pb_column_empty et_pb_css_mix_blend_mode_passthrough\"><\/div>\n\n<div class=\"et_pb_column_14 et_pb_column et_pb_column_1_2 et-last-child et_block_column et_pb_css_mix_blend_mode_passthrough\">\n<div class=\"et_pb_text_10 et_pb_text et_pb_bg_layout_dark et_animated et_pb_module et_block_module\"><div class=\"et_pb_text_inner\"><p>Com a professional de la psicologia i la salut mental, m'he format principalment en les seg\u00fcents institucions:\u00a0<\/p>\n<p>&nbsp;<\/p>\n<ul>\n<li>Universitat Aut\u00f2noma de Barcelona<\/li>\n<li>Psic\u00f3loga Col\u00b7legiada 18.869 Col\u00b7legi Oficial de Psic\u00f2legs de Catalunya<\/li>\n<li>Asociaci\u00f3n espa\u00f1ola de Danza Movimiento Terapia<\/li>\n<li>Sistema d\u2019Emerg\u00e8ncies M\u00e8diques<\/li>\n<\/ul>\n<\/div><\/div>\n\n<div class=\"et_pb_row_11 et_pb_row et_pb_row_nested et_flex_row\">\n<div class=\"et_pb_column_15 et_pb_column et_flex_column et_pb_css_mix_blend_mode_passthrough et_flex_column_6_24 et_flex_column_12_24_tablet et_flex_column_24_24_phone\">\n<div class=\"et_pb_image_4 et_pb_image et_pb_module et_flex_module\"><span class=\"et_pb_image_wrap\"><img loading=\"lazy\" decoding=\"async\" src=\"https:\/\/casa.queraltjorba.com\/wp-content\/uploads\/2026\/03\/logo-uab.png\" title=\"logo uab\" width=\"1225\" height=\"567\" srcset=\"https:\/\/casa.queraltjorba.com\/wp-content\/uploads\/2026\/03\/logo-uab.png 1225w, https:\/\/casa.queraltjorba.com\/wp-content\/uploads\/2026\/03\/logo-uab-980x454.png 980w, https:\/\/casa.queraltjorba.com\/wp-content\/uploads\/2026\/03\/logo-uab-480x222.png 480w\" sizes=\"(min-width: 0px) and (max-width: 480px) 480px, (min-width: 481px) and (max-width: 980px) 980px, (min-width: 981px) 1225px, 100vw\" class=\"wp-image-246\" \/><\/span><\/div>\n<\/div>\n\n<div class=\"et_pb_column_16 et_pb_column et_flex_column et_pb_css_mix_blend_mode_passthrough et_flex_column_6_24 et_flex_column_12_24_tablet et_flex_column_24_24_phone\">\n<div class=\"et_pb_image_5 et_pb_image et_pb_module et_flex_module\"><span class=\"et_pb_image_wrap\"><img loading=\"lazy\" decoding=\"async\" src=\"https:\/\/casa.queraltjorba.com\/wp-content\/uploads\/2026\/03\/2.-sello_colegial.jpg\" title=\"2.-sello_colegial\" width=\"555\" height=\"248\" srcset=\"https:\/\/casa.queraltjorba.com\/wp-content\/uploads\/2026\/03\/2.-sello_colegial.jpg 555w, https:\/\/casa.queraltjorba.com\/wp-content\/uploads\/2026\/03\/2.-sello_colegial-480x214.jpg 480w\" sizes=\"(min-width: 0px) and (max-width: 480px) 480px, (min-width: 481px) 555px, 100vw\" class=\"wp-image-243\" \/><\/span><\/div>\n<\/div>\n\n<div class=\"et_pb_column_17 et_pb_column et_flex_column et_pb_css_mix_blend_mode_passthrough et_flex_column_6_24 et_flex_column_12_24_tablet et_flex_column_24_24_phone\">\n<div class=\"et_pb_image_6 et_pb_image et_pb_module et_flex_module\"><span class=\"et_pb_image_wrap\"><img loading=\"lazy\" decoding=\"async\" src=\"https:\/\/casa.queraltjorba.com\/wp-content\/uploads\/2026\/03\/dmt-logo-trans.jpg\" title=\"dmt logo trans\" width=\"225\" height=\"225\" srcset=\"https:\/\/casa.queraltjorba.com\/wp-content\/uploads\/2026\/03\/dmt-logo-trans.jpg 225w, https:\/\/casa.queraltjorba.com\/wp-content\/uploads\/2026\/03\/dmt-logo-trans-150x150.jpg 150w\" sizes=\"(max-width: 225px) 100vw, 225px\" class=\"wp-image-252\" \/><\/span><\/div>\n<\/div>\n\n<div class=\"et_pb_column_18 et_pb_column et-last-child et_flex_column et_pb_css_mix_blend_mode_passthrough et_flex_column_6_24 et_flex_column_12_24_tablet et_flex_column_24_24_phone\">\n<div class=\"et_pb_image_7 et_pb_image et_pb_module et_flex_module\"><span class=\"et_pb_image_wrap\"><img loading=\"lazy\" decoding=\"async\" src=\"https:\/\/casa.queraltjorba.com\/wp-content\/uploads\/2026\/03\/Q-J39.png\" title=\"Q J(39)\" width=\"500\" height=\"500\" srcset=\"https:\/\/casa.queraltjorba.com\/wp-content\/uploads\/2026\/03\/Q-J39.png 500w, https:\/\/casa.queraltjorba.com\/wp-content\/uploads\/2026\/03\/Q-J39-480x480.png 480w\" sizes=\"(min-width: 0px) and (max-width: 480px) 480px, (min-width: 481px) 500px, 100vw\" class=\"wp-image-253\" \/><\/span><\/div>\n<\/div>\n<\/div>\n<\/div>\n<\/div>\n\n<div class=\"et_pb_row_12 et_pb_row et_block_row\">\n<div class=\"et_pb_column_19 et_pb_column et_pb_column_4_4 et-last-child et_block_column et_pb_css_mix_blend_mode_passthrough\">\n<div class=\"et_pb_text_11 et_pb_text et_pb_bg_layout_dark et_pb_module et_block_module\"><div class=\"et_pb_text_inner\"><p>TRAJECT\u00d2RIA PROFESSIONAL<\/p>\n<p>La formaci\u00f3 ha estat una base indispensable per a que tot aix\u00f2 sigui possible. Tanmateix, la millor escola me l\u2019ha donat la vida i les diferents organitzacions amb les qu\u00e8 he col\u00b7laborat.\u00a0<\/p>\n<p>Em pots haver vist a: ara.cat \/ mums magazin \/ vidalia \/ fornjorba \/ T&amp;P \/ batces \/ aqui acceptem hores<\/p>\n<\/div><\/div>\n<\/div>\n<\/div>\n<\/div>\n\n<div class=\"et_pb_section_4 et_pb_section et_section_regular et_block_section\">\n<div class=\"et_pb_row_13 et_pb_row et_block_row et_animated\">\n<div class=\"et_pb_column_20 et_pb_column et_pb_column_4_4 et-last-child et_block_column et_pb_css_mix_blend_mode_passthrough\">\n<div class=\"et_pb_text_12 et_pb_text et_pb_bg_layout_dark et_pb_module et_block_module\"><div class=\"et_pb_text_inner\"><h3 style=\"text-align: center;\">Treballo perqu\u00e8 el conscient i l\u2019inconscient col\u00b7laborin, perqu\u00e8 puguis veure amb m\u00e9s nitidesa i avan\u00e7ar sense for\u00e7ar.<\/h3>\n<\/div><\/div>\n<\/div>\n<\/div>\n\n<div class=\"et_pb_row_14 et_pb_row et_block_row\">\n<div class=\"et_pb_column_21 et_pb_column et_pb_column_2_5 et_block_column et_pb_css_mix_blend_mode_passthrough\">\n<div class=\"et_pb_image_8 et_pb_image et_animated et_pb_module et_block_module\"><span class=\"et_pb_image_wrap\"><img loading=\"lazy\" decoding=\"async\" src=\"https:\/\/casa.queraltjorba.com\/wp-content\/uploads\/2026\/03\/psicologia-profunda-jung.png\" width=\"500\" height=\"500\" srcset=\"https:\/\/casa.queraltjorba.com\/wp-content\/uploads\/2026\/03\/psicologia-profunda-jung.png 500w, https:\/\/casa.queraltjorba.com\/wp-content\/uploads\/2026\/03\/psicologia-profunda-jung-480x480.png 480w\" sizes=\"(min-width: 0px) and (max-width: 480px) 480px, (min-width: 481px) 500px, 100vw\" class=\"wp-image-51\" title=\"psicologia profunda jung\" \/><\/span><\/div>\n<\/div>\n\n<div class=\"et_pb_column_22 et_pb_column et_pb_column_3_5 et-last-child et_block_column et_pb_css_mix_blend_mode_passthrough\">\n<div class=\"et_pb_text_13 et_pb_text et_pb_bg_layout_dark et_pb_module et_block_module\"><div class=\"et_pb_text_inner\"><h4>Coneix el meu m\u00e8t<span style=\"font-weight: 400;\">ode<\/span><\/h4>\n<p>La vida \u00e9s un reflex d\u2019un ordre m\u00e9s profund. T\u2019acompanyo a desxifrar-ne els seus codis.<\/p>\n<\/div><\/div>\n<\/div>\n<\/div>\n\n<div class=\"et_pb_row_15 et_pb_row et_block_row\">\n<div class=\"et_pb_column_23 et_pb_column et_pb_column_4_4 et-last-child et_block_column et_pb_css_mix_blend_mode_passthrough\">\n<div class=\"et_pb_text_14 et_pb_text et_pb_bg_layout_dark et_pb_module et_block_module\"><div class=\"et_pb_text_inner\"><ul>\n<li><strong>Anem a l\u2019arrel de la q\u00fcesti\u00f3.<\/strong> Un ajust profund pot transformar tot el sistema, mentre que actuar nom\u00e9s en la superf\u00edcie requereix molta energia i aporta poc resultat.<\/li>\n<li aria-level=\"1\"><strong>La sabata s\u2019adapta al peu, i no el peu a la sabata.<\/strong> T\u2019acompanyo a crear estructures, relacions i sistemes al servei de la vida i de les teves idiosincr\u00e0sies particulars, i no a l\u2019inrev\u00e9s.<\/li>\n<li aria-level=\"1\"><strong>Remar a favor de la vida.<\/strong> Quan tenim ordre intern i remem a favor del corrent de la vida, l\u2019impacte i el benestar es multipliquen.<\/li>\n<li aria-level=\"1\"><strong>Les respostes viuen dins teu, per\u00f2 no tot dep\u00e8n de la consci\u00e8ncia i la voluntat.<\/strong> Per fer-ho possible, cal anar a les profunditats, integrar el cos i l\u2019inconscient, i totes aquelles parts que no veus per\u00f2 que es perceben.<\/li>\n<\/ul>\n<\/div><\/div>\n<\/div>\n<\/div>\n\n<div class=\"et_pb_row_16 et_pb_row et_block_row\">\n<div class=\"et_pb_column_24 et_pb_column et_pb_column_4_4 et-last-child et_block_column et_pb_css_mix_blend_mode_passthrough\">\n<div class=\"et_pb_image_9 et_pb_image et_animated et_pb_module et_block_module\"><span class=\"et_pb_image_wrap\"><img loading=\"lazy\" decoding=\"async\" src=\"https:\/\/casa.queraltjorba.com\/wp-content\/uploads\/2026\/03\/capcalera-queralt-jorba-scaled-1.jpg\" width=\"2560\" height=\"878\" srcset=\"https:\/\/casa.queraltjorba.com\/wp-content\/uploads\/2026\/03\/capcalera-queralt-jorba-scaled-1.jpg 2560w, https:\/\/casa.queraltjorba.com\/wp-content\/uploads\/2026\/03\/capcalera-queralt-jorba-scaled-1-1280x439.jpg 1280w, https:\/\/casa.queraltjorba.com\/wp-content\/uploads\/2026\/03\/capcalera-queralt-jorba-scaled-1-980x336.jpg 980w, https:\/\/casa.queraltjorba.com\/wp-content\/uploads\/2026\/03\/capcalera-queralt-jorba-scaled-1-480x165.jpg 480w\" sizes=\"(min-width: 0px) and (max-width: 480px) 480px, (min-width: 481px) and (max-width: 980px) 980px, (min-width: 981px) and (max-width: 1280px) 1280px, (min-width: 1281px) 2560px, 100vw\" class=\"wp-image-52\" title=\"cap\u00e7alera queralt jorba\" \/><\/span><\/div>\n<\/div>\n<\/div>\n<\/div>\n\n<div class=\"et_pb_section_5 et_pb_section et_section_regular et_block_section\">\n<div class=\"et_pb_row_17 et_pb_row et_pb_row_1-4_3-4 et_block_row et_block_row_1-4_3-4\">\n<div class=\"et_pb_column_25 et_pb_column et_pb_column_1_4 et_block_column et_pb_css_mix_blend_mode_passthrough\">\n<div class=\"et_pb_image_10 et_pb_image et_animated et_pb_module et_block_module\"><span class=\"et_pb_image_wrap\"><img loading=\"lazy\" decoding=\"async\" src=\"https:\/\/casa.queraltjorba.com\/wp-content\/uploads\/2026\/03\/Q-J29.png\" width=\"500\" height=\"500\" srcset=\"https:\/\/casa.queraltjorba.com\/wp-content\/uploads\/2026\/03\/Q-J29.png 500w, https:\/\/casa.queraltjorba.com\/wp-content\/uploads\/2026\/03\/Q-J29-480x480.png 480w\" sizes=\"(min-width: 0px) and (max-width: 480px) 480px, (min-width: 481px) 500px, 100vw\" class=\"wp-image-55\" title=\"Q J(29)\" \/><\/span><\/div>\n<\/div>\n\n<div class=\"et_pb_column_26 et_pb_column et_pb_column_3_4 et-last-child et_block_column et_pb_css_mix_blend_mode_passthrough\">\n<div class=\"et_pb_text_15 et_pb_text et_pb_bg_layout_dark et_pb_module et_block_module\"><div class=\"et_pb_text_inner\"><p>&nbsp;<\/p>\n<p>Est\u00e0s compromesa amb el teu creixement.<\/p>\n<p>Fa anys que regues el teu cam\u00ed, sostens i dones. Ara et mereixes una atenci\u00f3 especial.<\/p>\n<p>&nbsp;<\/p>\n<h4>T'acompanyo en el teu seg\u00fcent punt d'inflexi\u00f3.<\/h4>\n<\/div><\/div>\n<\/div>\n<\/div>\n\n<div class=\"et_pb_row_18 et_pb_row et_pb_row_5col et_block_row et_block_row_5col\">\n<div class=\"et_pb_column_27 et_pb_column et_pb_column_1_5 et_block_column et_pb_css_mix_blend_mode_passthrough\">\n<div class=\"et_pb_image_11 et_pb_image et_pb_module et_block_module\"><span class=\"et_pb_image_wrap\"><img loading=\"lazy\" decoding=\"async\" src=\"https:\/\/casa.queraltjorba.com\/wp-content\/uploads\/2026\/03\/queralt-jorba-psicologia-relacional.png\" width=\"500\" height=\"500\" srcset=\"https:\/\/casa.queraltjorba.com\/wp-content\/uploads\/2026\/03\/queralt-jorba-psicologia-relacional.png 500w, https:\/\/casa.queraltjorba.com\/wp-content\/uploads\/2026\/03\/queralt-jorba-psicologia-relacional-480x480.png 480w\" sizes=\"(min-width: 0px) and (max-width: 480px) 480px, (min-width: 481px) 500px, 100vw\" class=\"wp-image-35\" title=\"queralt jorba psicologia relacional\" \/><\/span><\/div>\n<\/div>\n\n<div class=\"et_pb_column_28 et_pb_column et_pb_column_1_5 et_block_column et_pb_column_empty et_pb_css_mix_blend_mode_passthrough\"><\/div>\n\n<div class=\"et_pb_column_29 et_pb_column et_pb_column_1_5 et_block_column et_pb_css_mix_blend_mode_passthrough\">\n<div class=\"et_pb_image_12 et_pb_image et_pb_module et_block_module\"><span class=\"et_pb_image_wrap\"><img loading=\"lazy\" decoding=\"async\" src=\"https:\/\/casa.queraltjorba.com\/wp-content\/uploads\/2026\/03\/queralt-jorba-moviment-expressiu.png\" width=\"500\" height=\"500\" srcset=\"https:\/\/casa.queraltjorba.com\/wp-content\/uploads\/2026\/03\/queralt-jorba-moviment-expressiu.png 500w, https:\/\/casa.queraltjorba.com\/wp-content\/uploads\/2026\/03\/queralt-jorba-moviment-expressiu-480x480.png 480w\" sizes=\"(min-width: 0px) and (max-width: 480px) 480px, (min-width: 481px) 500px, 100vw\" class=\"wp-image-56\" title=\"queralt jorba moviment expressiu\" \/><\/span><\/div>\n<\/div>\n\n<div class=\"et_pb_column_30 et_pb_column et_pb_column_1_5 et_block_column et_pb_column_empty et_pb_css_mix_blend_mode_passthrough\"><\/div>\n\n<div class=\"et_pb_column_31 et_pb_column et_pb_column_1_5 et-last-child et_block_column et_pb_css_mix_blend_mode_passthrough\">\n<div class=\"et_pb_image_13 et_pb_image et_pb_module et_block_module\"><span class=\"et_pb_image_wrap\"><img loading=\"lazy\" decoding=\"async\" src=\"https:\/\/casa.queraltjorba.com\/wp-content\/uploads\/2026\/03\/queralt-jorba-psicologia-de-negocis.png\" width=\"500\" height=\"500\" srcset=\"https:\/\/casa.queraltjorba.com\/wp-content\/uploads\/2026\/03\/queralt-jorba-psicologia-de-negocis.png 500w, https:\/\/casa.queraltjorba.com\/wp-content\/uploads\/2026\/03\/queralt-jorba-psicologia-de-negocis-480x480.png 480w\" sizes=\"(min-width: 0px) and (max-width: 480px) 480px, (min-width: 481px) 500px, 100vw\" class=\"wp-image-57\" title=\"queralt jorba psicologia de negocis\" \/><\/span><\/div>\n<\/div>\n<\/div>\n<\/div>\n\n<div class=\"et_pb_section_6 et_pb_section et_section_regular et_block_section\"><div class=\"et_pb_row_19 et_pb_row et_block_row et_animated\"><div class=\"et_pb_column_32 et_pb_column et_pb_column_4_4 et-last-child et_block_column et_pb_css_mix_blend_mode_passthrough\"><div class=\"et_pb_text_16 et_pb_text et_pb_bg_layout_dark et_pb_module et_block_module\"><div class=\"et_pb_text_inner\"><h3 style=\"text-align: center;\">LES CARTES ENCANTADES<\/h3>\n<p style=\"text-align: center;\">Subscriu-te al butllet\u00ed de Queralt Jorba<\/p>\n<\/div><\/div><\/div><\/div><div class=\"et_pb_row_20 et_pb_row et_block_row\"><div class=\"et_pb_column_33 et_pb_column et_pb_column_1_3 et_block_column et_pb_css_mix_blend_mode_passthrough\"><div class=\"et_pb_image_14 et_pb_image et_animated et_pb_module et_block_module\"><span class=\"et_pb_image_wrap\"><img loading=\"lazy\" decoding=\"async\" src=\"https:\/\/casa.queraltjorba.com\/wp-content\/uploads\/2026\/03\/Q-J5.png\" width=\"500\" height=\"500\" srcset=\"https:\/\/casa.queraltjorba.com\/wp-content\/uploads\/2026\/03\/Q-J5.png 500w, https:\/\/casa.queraltjorba.com\/wp-content\/uploads\/2026\/03\/Q-J5-480x480.png 480w\" sizes=\"(min-width: 0px) and (max-width: 480px) 480px, (min-width: 481px) 500px, 100vw\" class=\"wp-image-37\" title=\"Q J(5)\" \/><\/span><\/div><\/div><div class=\"et_pb_column_34 et_pb_column et_pb_column_2_3 et-last-child et_block_column et_pb_css_mix_blend_mode_passthrough\"><div class=\"et_pb_text_17 et_pb_text et_pb_bg_layout_dark et_pb_module et_block_module\"><div class=\"et_pb_text_inner\"><p>\u00a0Un espai \u00edntim a on comparteixo reflexions personals i professionals, recursos poderosos i les novetats del mes.<br \/>Aqu\u00ed hi trobar\u00e0s pensaments exclusius que no comparteixo enlloc m\u00e9s.<\/p>\n<p>Accepto la pol\u00edtica de privacitat per rebre el butllet\u00ed amb promocions i informaci\u00f3 valuosa. Pots donar-te de baixa en qualsevol moment.<\/p>\n<\/div><\/div><\/div><\/div><div class=\"et_pb_row_21 et_pb_row et_flex_row\"><div class=\"et_pb_column_35 et_pb_column et-last-child et_flex_column et_pb_css_mix_blend_mode_passthrough et_flex_column_24_24 et_flex_column_24_24_tablet et_flex_column_24_24_phone\"><div class=\"et_pb_module et_pb_button_module_wrapper et_pb_button_0_wrapper\"><a class=\"et_pb_button_0 et_pb_button et_pb_bg_layout_light et_pb_module et_flex_module\" href=\"\">Vull rebre el Butllet\u00ed<\/a><\/div><\/div><\/div><\/div>","protected":false},"excerpt":{"rendered":"","protected":false},"author":1,"featured_media":0,"parent":0,"menu_order":0,"comment_status":"closed","ping_status":"closed","template":"","meta":{"footnotes":""},"class_list":["post-43","page","type-page","status-publish","hentry"],"_links":{"self":[{"href":"https:\/\/casa.queraltjorba.com\/index.php\/wp-json\/wp\/v2\/pages\/43","targetHints":{"allow":["GET"]}}],"collection":[{"href":"https:\/\/casa.queraltjorba.com\/index.php\/wp-json\/wp\/v2\/pages"}],"about":[{"href":"https:\/\/casa.queraltjorba.com\/index.php\/wp-json\/wp\/v2\/types\/page"}],"author":[{"embeddable":true,"href":"https:\/\/casa.queraltjorba.com\/index.php\/wp-json\/wp\/v2\/users\/1"}],"replies":[{"embeddable":true,"href":"https:\/\/casa.queraltjorba.com\/index.php\/wp-json\/wp\/v2\/comments?post=43"}],"version-history":[{"count":12,"href":"https:\/\/casa.queraltjorba.com\/index.php\/wp-json\/wp\/v2\/pages\/43\/revisions"}],"predecessor-version":[{"id":394,"href":"https:\/\/casa.queraltjorba.com\/index.php\/wp-json\/wp\/v2\/pages\/43\/revisions\/394"}],"wp:attachment":[{"href":"https:\/\/casa.queraltjorba.com\/index.php\/wp-json\/wp\/v2\/media?parent=43"}],"curies":[{"name":"wp","href":"https:\/\/api.w.org\/{rel}","templated":true}]}}