{"id":21,"date":"2026-03-03T02:21:13","date_gmt":"2026-03-03T02:21:13","guid":{"rendered":"https:\/\/casa.queraltjorba.com\/?page_id=21"},"modified":"2026-04-30T18:20:38","modified_gmt":"2026-04-30T18:20:38","slug":"home","status":"publish","type":"page","link":"https:\/\/casa.queraltjorba.com\/","title":{"rendered":"Home"},"content":{"rendered":"<div class=\"et_pb_section_0 et_pb_section et_section_regular et_block_section\">\n<div class=\"et_pb_row_0 et_pb_row et-vb-row--no-module et_block_row\">\n<div class=\"et_pb_column_0 et_pb_column et_pb_column_4_4 et-last-child et_block_column et_pb_column_empty et_pb_css_mix_blend_mode_passthrough\"><\/div>\n<\/div>\n<\/div>\n\n<div class=\"et_pb_section_1 et_pb_section et_section_regular et_block_section\">\n<div class=\"et_pb_row_1 et_pb_row et_block_row\">\n<div class=\"et_pb_column_1 et_pb_column et_pb_column_4_4 et-last-child et_block_column et_pb_css_mix_blend_mode_passthrough\">\n<div class=\"et_pb_text_0 et_pb_text et_pb_bg_layout_dark et_animated et_pb_module et_block_module\"><div class=\"et_pb_text_inner\"><h1 style=\"text-align: center;\"><b><i>Relacions i Negocis amb ess\u00e8ncia<\/i><\/b><\/h1>\n<\/div><\/div>\n<\/div>\n<\/div>\n\n<div class=\"et_pb_row_2 et_pb_row et_flex_row\">\n<div class=\"et_pb_column_2 et_pb_column et-last-child et_flex_column et_pb_css_mix_blend_mode_passthrough et_flex_column_24_24 et_flex_column_24_24_tablet et_flex_column_24_24_phone\">\n<div class=\"et_pb_text_1 et_pb_text et_pb_bg_layout_light et_pb_module et_flex_module\"><div class=\"et_pb_text_inner\"><h3>Les empreses com els matrimonis poden ser estructures que sostenen la vida o convertir-se en una font constant de tensi\u00f3 i desgast.<\/h3>\n<\/div><\/div>\n<\/div>\n<\/div>\n<\/div>\n\n<div class=\"et_pb_section_2 et_pb_section et_section_regular et_block_section\">\n<div class=\"et_pb_row_3 et_pb_row et_block_row et_animated\">\n<div class=\"et_pb_column_3 et_pb_column et_pb_column_4_4 et-last-child et_block_column et_pb_css_mix_blend_mode_passthrough\">\n<div class=\"et_pb_text_2 et_pb_text et_pb_bg_layout_dark et_pb_module et_block_module\"><div class=\"et_pb_text_inner\"><h3 style=\"text-align: center;\">Escull el teu itinerari:<\/h3>\n<\/div><\/div>\n<\/div>\n<\/div>\n\n<div class=\"et_pb_row_4 et_pb_row et_block_row\">\n<div class=\"et_pb_column_4 et_pb_column et_pb_column_1_2 et_block_column et_pb_css_mix_blend_mode_passthrough\">\n<div class=\"et_pb_text_3 et_pb_text et_pb_bg_layout_dark et_pb_module et_block_module\"><div class=\"et_pb_text_inner\"><p><strong>ITINERARI PARELLES<\/strong><\/p>\n<p><strong>Acompanyo a parelles i matrimonis intr\u00e8pids<\/strong> a trobar el seu eix, ordenar la relaci\u00f3 i tornar a brillar juntes.<\/p>\n<p>Aquest \u00e9s un espai per a parelles amb traject\u00f2ria que no volen haver d\u2019escollir entre amor, passi\u00f3 i estabilitat.<strong><\/strong><\/p>\n<\/div><\/div>\n\n<div class=\"et_pb_image_0 et_pb_image et_animated et_pb_module et_block_module\"><span class=\"et_pb_image_wrap\"><img loading=\"lazy\" decoding=\"async\" src=\"https:\/\/casa.queraltjorba.com\/wp-content\/uploads\/2026\/03\/relacions-conscients.png\" width=\"500\" height=\"500\" srcset=\"https:\/\/casa.queraltjorba.com\/wp-content\/uploads\/2026\/03\/relacions-conscients.png 500w, https:\/\/casa.queraltjorba.com\/wp-content\/uploads\/2026\/03\/relacions-conscients-480x480.png 480w\" sizes=\"(min-width: 0px) and (max-width: 480px) 480px, (min-width: 481px) 500px, 100vw\" class=\"wp-image-30\" title=\"relacions conscients\" \/><\/span><\/div>\n<\/div>\n\n<div class=\"et_pb_column_5 et_pb_column et_pb_column_1_2 et-last-child et_block_column et_pb_css_mix_blend_mode_passthrough\">\n<div class=\"et_pb_text_4 et_pb_text et_pb_bg_layout_dark et_pb_module et_block_module\"><div class=\"et_pb_text_inner\"><p><strong>ITINERARI ORGANITZACIONS<\/strong><\/p>\n<p><strong>Acompanyo a emprenedores, l\u00edders de negocis i organitzacions <\/strong>a crear negocis que deixen llegat, alineats amb els seus valors i el seu ritme vital.<\/p>\n<p>Aquest \u00e9s un espai per a qui no vol haver d'escollir entre benestar personal i rendiment organitzacional.<\/p>\n<\/div><\/div>\n\n<div class=\"et_pb_image_1 et_pb_image et_animated et_pb_module et_block_module\"><span class=\"et_pb_image_wrap\"><img loading=\"lazy\" decoding=\"async\" src=\"https:\/\/casa.queraltjorba.com\/wp-content\/uploads\/2026\/03\/Q-J3.png\" width=\"500\" height=\"500\" srcset=\"https:\/\/casa.queraltjorba.com\/wp-content\/uploads\/2026\/03\/Q-J3.png 500w, https:\/\/casa.queraltjorba.com\/wp-content\/uploads\/2026\/03\/Q-J3-480x480.png 480w\" sizes=\"(min-width: 0px) and (max-width: 480px) 480px, (min-width: 481px) 500px, 100vw\" class=\"wp-image-31\" title=\"Q J(3)\" \/><\/span><\/div>\n<\/div>\n<\/div>\n<\/div>\n\n<div class=\"et_pb_section_3 et_pb_section et_section_regular et_block_section\">\n<div class=\"et_pb_row_5 et_pb_row et_block_row et_animated\">\n<div class=\"et_pb_column_6 et_pb_column et_pb_column_4_4 et-last-child et_block_column et_pb_css_mix_blend_mode_passthrough\">\n<div class=\"et_pb_text_5 et_pb_text et_pb_bg_layout_dark et_pb_module et_block_module\"><div class=\"et_pb_text_inner\"><h3 style=\"text-align: center;\">Les dificultats amb qu\u00e8 et trobes no determinen el qu\u00e8 ets capa\u00e7 de construir.<strong><\/strong><\/h3>\n<\/div><\/div>\n<\/div>\n<\/div>\n\n<div class=\"et_pb_row_6 et_pb_row et_block_row\">\n<div class=\"et_pb_column_7 et_pb_column et_pb_column_4_4 et-last-child et_block_column et_pb_css_mix_blend_mode_passthrough\">\n<div class=\"et_pb_text_6 et_pb_text et_pb_bg_layout_dark et_pb_module et_block_module\"><div class=\"et_pb_text_inner\"><p>Cada vegada que la humanitat ha arribat a un nou estat de consciencia ha inventat una nova forma de col\u00b7laborar i un nou model d\u2019organitzaci\u00f3.\u00a0<\/p>\n<p>Dins teu saps que una altra forma de relacionar-nos \u00e9s possible.\u00a0<\/p>\n<\/div><\/div>\n<\/div>\n<\/div>\n\n<div class=\"et_pb_row_7 et_pb_row et_pb_equal_columns et_pb_gutters1 et_block_row\">\n<div class=\"et_pb_column_8 et_pb_column et_pb_column_1_2 et_block_column et_pb_column_empty et_pb_css_mix_blend_mode_passthrough\"><\/div>\n\n<div class=\"et_pb_column_9 et_pb_column et_pb_column_1_2 et-last-child et_block_column et_pb_css_mix_blend_mode_passthrough\">\n<div class=\"et_pb_text_7 et_pb_text et_pb_bg_layout_dark et_animated et_pb_module et_block_module\"><div class=\"et_pb_text_inner\"><p><strong>La in\u00e8rcia del dia a dia ens estreny la mirada i ens desconnecta d\u2019all\u00f2 profund.<\/strong> Fer cas dels consells diaris que et trobes a les xarxes t'allunya cada vegada m\u00e9s d'all\u00f2 que realment est\u00e0s buscant. Posar el focus a l\u2019exterior et distreu d'all\u00f2 essencial. <strong>La soluci\u00f3 no passa per seguir f\u00f3rmules preestablertes ni per fer ter\u00e0pies eternes.<\/strong><\/p>\n<p><strong>Tampoc \u00e9s una q\u00fcesti\u00f3 de manca d\u2019esfor\u00e7.<\/strong> La teva part racional est\u00e0 decidida a ser feli\u00e7 i tirar endavant. \u00a0Per\u00f2 la vida no es resol nom\u00e9s amb decisions mentals.\u00a0 Ja has comen\u00e7at a intuir que \u00e9s imprescindible<strong> integrar el cos i aquelles parts de tu que sovint relegues a l'ombra.<\/strong><b><\/b><\/p>\n<\/div><\/div>\n<\/div>\n<\/div>\n\n<div class=\"et_pb_row_8 et_pb_row et_block_row\">\n<div class=\"et_pb_column_10 et_pb_column et_pb_column_2_3 et_block_column et_pb_css_mix_blend_mode_passthrough\">\n<div class=\"et_pb_text_8 et_pb_text et_pb_bg_layout_dark et_pb_module et_block_module\"><div class=\"et_pb_text_inner\"><p>Ara toca reconnectar amb la il\u00b7lusi\u00f3, sorprendre't d'all\u00f2 que ja sabies i trobar resposta a algunes preguntes concretes.<\/p>\n<\/div><\/div>\n<\/div>\n\n<div class=\"et_pb_column_11 et_pb_column et_pb_column_1_3 et-last-child et_block_column et_pb_css_mix_blend_mode_passthrough\">\n<div class=\"et_pb_image_2 et_pb_image et_animated et_pb_module et_block_module\"><span class=\"et_pb_image_wrap\"><img loading=\"lazy\" decoding=\"async\" src=\"https:\/\/casa.queraltjorba.com\/wp-content\/uploads\/2026\/03\/psicologia-amb-essencia.png\" width=\"1050\" height=\"600\" srcset=\"https:\/\/casa.queraltjorba.com\/wp-content\/uploads\/2026\/03\/psicologia-amb-essencia.png 1050w, https:\/\/casa.queraltjorba.com\/wp-content\/uploads\/2026\/03\/psicologia-amb-essencia-980x560.png 980w, https:\/\/casa.queraltjorba.com\/wp-content\/uploads\/2026\/03\/psicologia-amb-essencia-480x274.png 480w\" sizes=\"(min-width: 0px) and (max-width: 480px) 480px, (min-width: 481px) and (max-width: 980px) 980px, (min-width: 981px) 1050px, 100vw\" class=\"wp-image-33\" title=\"psicologia amb ess\u00e8ncia\" \/><\/span><\/div>\n<\/div>\n<\/div>\n<\/div>\n\n<div class=\"et_pb_section_4 et_pb_section et_section_regular et_block_section\">\n<div class=\"et_pb_row_9 et_pb_row et_block_row et_animated\">\n<div class=\"et_pb_column_12 et_pb_column et_pb_column_4_4 et-last-child et_block_column et_pb_css_mix_blend_mode_passthrough\">\n<div class=\"et_pb_text_9 et_pb_text et_pb_bg_layout_dark et_pb_module et_block_module\"><div class=\"et_pb_text_inner\"><h3 style=\"text-align: center;\">T'ajudo a gaudir de les teves relacions i a fer cr\u00e9ixer el teu negoci amb consci\u00e8ncia i creativitat.<\/h3>\n<p>Soc la Queralt Jorba, psic\u00f2loga especialitzada en les relacions humanes, la gesti\u00f3 del trauma i el desenvolupament organitzacional.<span style=\"font-weight: 400;\"><\/span><\/p>\n<\/div><\/div>\n<\/div>\n<\/div>\n\n<div class=\"et_pb_row_10 et_pb_row et_pb_equal_columns et_pb_gutters1 et_block_row\">\n<div class=\"et_pb_column_13 et_pb_column et_pb_column_1_2 et_block_column et_pb_css_mix_blend_mode_passthrough\">\n<div class=\"et_pb_image_3 et_pb_image et_pb_module et_flex_module\"><span class=\"et_pb_image_wrap\"><img loading=\"lazy\" decoding=\"async\" src=\"https:\/\/casa.queraltjorba.com\/wp-content\/uploads\/2026\/03\/psicologia-manresa.png\" title=\"psicologia-manresa\" width=\"500\" height=\"500\" srcset=\"https:\/\/casa.queraltjorba.com\/wp-content\/uploads\/2026\/03\/psicologia-manresa.png 500w, https:\/\/casa.queraltjorba.com\/wp-content\/uploads\/2026\/03\/psicologia-manresa-480x480.png 480w\" sizes=\"(min-width: 0px) and (max-width: 480px) 480px, (min-width: 481px) 500px, 100vw\" class=\"wp-image-34\" \/><\/span><\/div>\n<\/div>\n\n<div class=\"et_pb_column_14 et_pb_column et_pb_column_1_2 et-last-child et_block_column et_pb_css_mix_blend_mode_passthrough\">\n<div class=\"et_pb_text_10 et_pb_text et_pb_bg_layout_dark et_animated et_pb_module et_block_module\"><div class=\"et_pb_text_inner\"><p>Al llarg dels meus 15 anys de traject\u00f2ria en la psicologia integradora m\u2019he enfocat en relacions de parella aut\u00e8ntiques i no convencionals.<\/p>\n<p>Porto una vida formant part d\u2019empreses i col\u00b7lectius amb comprom\u00eds social i amb el temps m\u2019he dedicat a optimitzar-ne l\u2019estructura i la cultura de grup.<\/p>\n<p>Combino els descobriments cient\u00edfics i la saviesa ancestral per trobar respostes reals, adaptades i sostenibles als teus anhels m\u00e9s profunds.<\/p>\n<p>No crec en solucions prefabricades ni en peda\u00e7os superficials. Un petit ajust a l\u2019arrel pot transformar tot el sistema, mentre que actuar nom\u00e9s a la superf\u00edcie desgasta i genera pocs resultats.<\/p>\n<p>&nbsp;<\/p>\n<\/div><\/div>\n<\/div>\n<\/div>\n\n<div class=\"et_pb_row_11 et_pb_row et_pb_row_1-4_3-4 et_block_row et_block_row_1-4_3-4\">\n<div class=\"et_pb_column_15 et_pb_column et_pb_column_1_4 et_block_column et_pb_css_mix_blend_mode_passthrough\">\n<div class=\"et_pb_image_4 et_pb_image et_animated et_pb_module et_block_module\"><span class=\"et_pb_image_wrap\"><img loading=\"lazy\" decoding=\"async\" src=\"https:\/\/casa.queraltjorba.com\/wp-content\/uploads\/2026\/03\/queralt-jorba-psicologia-relacional.png\" width=\"500\" height=\"500\" srcset=\"https:\/\/casa.queraltjorba.com\/wp-content\/uploads\/2026\/03\/queralt-jorba-psicologia-relacional.png 500w, https:\/\/casa.queraltjorba.com\/wp-content\/uploads\/2026\/03\/queralt-jorba-psicologia-relacional-480x480.png 480w\" sizes=\"(min-width: 0px) and (max-width: 480px) 480px, (min-width: 481px) 500px, 100vw\" class=\"wp-image-35\" title=\"queralt jorba psicologia relacional\" \/><\/span><\/div>\n<\/div>\n\n<div class=\"et_pb_column_16 et_pb_column et_pb_column_3_4 et-last-child et_block_column et_pb_css_mix_blend_mode_passthrough\">\n<div class=\"et_pb_text_11 et_pb_text et_pb_bg_layout_dark et_pb_module et_block_module\"><div class=\"et_pb_text_inner\"><p>&nbsp;<\/p>\n<h4>No treballo sobre els s\u00edmptomes. Treballo sobre l\u2019estructura que sost\u00e9 la vida.<\/h4>\n<h4>Descobreix el meu m\u00e8t<span style=\"font-weight: 400;\">ode<\/span><\/h4>\n<\/div><\/div>\n<\/div>\n<\/div>\n<\/div>\n\n<div class=\"et_pb_section_5 et_pb_section et_section_regular et_block_section\"><div class=\"et_pb_row_12 et_pb_row et_flex_row\"><div class=\"et_pb_column_17 et_pb_column et_flex_column et_pb_css_mix_blend_mode_passthrough et_flex_column_1_5 et_flex_column_12_24_tablet et_flex_column_24_24_phone\"><div class=\"et_pb_image_5 et_pb_image et_pb_module et_flex_module\"><\/div><\/div><div class=\"et_pb_column_18 et_pb_column et_flex_column et_pb_column_empty et_pb_css_mix_blend_mode_passthrough et_flex_column_1_5 et_flex_column_12_24_tablet et_flex_column_24_24_phone\"><\/div><div class=\"et_pb_column_19 et_pb_column et_flex_column et_pb_css_mix_blend_mode_passthrough et_flex_column_1_5 et_flex_column_12_24_tablet et_flex_column_24_24_phone\"><div class=\"et_pb_image_6 et_pb_image et_pb_module et_flex_module\"><span class=\"et_pb_image_wrap\"><img loading=\"lazy\" decoding=\"async\" src=\"https:\/\/casa.queraltjorba.com\/wp-content\/uploads\/2026\/03\/Psicologia-i-una-perla.png\" title=\"Psicologia-i-una-perla\" width=\"500\" height=\"500\" srcset=\"https:\/\/casa.queraltjorba.com\/wp-content\/uploads\/2026\/03\/Psicologia-i-una-perla.png 500w, https:\/\/casa.queraltjorba.com\/wp-content\/uploads\/2026\/03\/Psicologia-i-una-perla-480x480.png 480w\" sizes=\"(min-width: 0px) and (max-width: 480px) 480px, (min-width: 481px) 500px, 100vw\" class=\"wp-image-95\" \/><\/span><\/div><\/div><div class=\"et_pb_column_20 et_pb_column et_flex_column et_pb_column_empty et_pb_css_mix_blend_mode_passthrough et_flex_column_1_5 et_flex_column_12_24_tablet et_flex_column_24_24_phone\"><\/div><div class=\"et_pb_column_21 et_pb_column et-last-child et_flex_column et_pb_column_empty et_pb_css_mix_blend_mode_passthrough et_flex_column_1_5 et_flex_column_12_24_tablet et_flex_column_24_24_phone\"><\/div><\/div><div class=\"et_pb_row_13 et_pb_row et_block_row\"><div class=\"et_pb_column_22 et_pb_column et_pb_column_4_4 et-last-child et_block_column et_pb_css_mix_blend_mode_passthrough\"><div class=\"et_pb_slider_0 et_pb_slider et_pb_slider_fullwidth_off et_pb_module et_flex_module\" data-loop-item=\"0\"><div class=\"et_pb_slides\"><div class=\"et_pb_slide_0 et_pb_slide et_pb_media_alignment_center et_pb_bg_layout_dark\" data-slide-id=\"divi\/slide-0\"><div class=\"et_pb_container\"><div class=\"et_pb_slider_container_inner\"><div class=\"et_pb_slide_description et_flex_module\"><div class=\"et_pb_slide_content\"><p>Les sessions amb la Queralt s\u00f3n profundes i harm\u00f2niques. T\u00e9 una agilitat per crear complicitat amb les persones per tal d'acompanyar-les amb tendresa a les profunditats dels ser. Les seves sessions em connecten amb l'alegria de viure.<\/p>\n<p>Montserrat Mas \u00b7 Terapeuta<\/p>\n<\/div><\/div><\/div><\/div><\/div><div class=\"et_pb_slide_1 et_pb_slide et_pb_media_alignment_center et_pb_bg_layout_dark\" data-slide-id=\"divi\/slide-1\"><div class=\"et_pb_container\"><div class=\"et_pb_slider_container_inner\"><div class=\"et_pb_slide_description et_flex_module\"><div class=\"et_pb_slide_content\"><p>Tan sols amb unes quantes sessions, la Queralt sap despertar el proc\u00e9s per tal que cadasc\u00fa pugui treballar el que t\u00e9 m\u00e9s bloquejat. Coneix en profunditat un ventall molt ampli de t\u00e8cniques per millorar la relaci\u00f3 entre el cos i la ment i ho sap transmetre a tothom qui participa del seu treball. Con\u00e8ixer-la m'ha suposat la possibilitat d'aprendre h\u00e0bits molt valuosos que m'acompanyen cada dia.<\/p>\n<p>Ramon Solves \u00b7 PhD i Enginyer<\/p>\n<\/div><\/div><\/div><\/div><\/div><div class=\"et_pb_slide_2 et_pb_slide et_pb_media_alignment_center et_pb_bg_layout_dark\" data-slide-id=\"divi\/slide-2\"><div class=\"et_pb_container\"><div class=\"et_pb_slider_container_inner\"><div class=\"et_pb_slide_description et_flex_module\"><div class=\"et_pb_slide_content\"><p>Les sessions m\u2019han resultat de gran ajuda. He guanyat seguretat amb mi mateixa i he disminu\u00eft les pors. Estava molt ensorrada i trista. Ara estic m\u00e9s positiva i poso l\u00edmits. He reconnectat amb les ganes de viure. De les sessions m\u2019emporto veure les coses d\u2019una altra manera i els missatges i consells que m\u2019han ajudat a sentir-me millor. Recomano la Queralt pel seu suport, la seva dol\u00e7or i capacitat d\u2019empatia.<\/p>\n<p>Conxita \u00b7 Mestra<\/p>\n<\/div><\/div><\/div><\/div><\/div><div class=\"et_pb_slide_3 et_pb_slide et_pb_media_alignment_center et_pb_bg_layout_dark\" data-slide-id=\"divi\/slide-3\"><div class=\"et_pb_container\"><div class=\"et_pb_slider_container_inner\"><div class=\"et_pb_slide_description\"><div class=\"et_pb_slide_content\"><p>\u00c9s una persona que m\u2019agrada tenir al costat, ja sigui tant a nivell personal com professional. Col\u00b7laborar amb ella per mi \u00e9s un regal, tant pel punt de vista que t\u00e9 de les coses com per l\u2019empenta i energia que dona a all\u00f2 en el que creu. Alg\u00fa en qui crec i confio molt per treballar en equip i compartir-hi inquietuds i aprenentatges del dia a dia.<\/p>\n<p>Eva Sall\u00e9s \u00b7 Metgessa i home\u00f2pata<\/p>\n<\/div><\/div><\/div><\/div><\/div><\/div><\/div><\/div><\/div><\/div>\n\n<div class=\"et_pb_section_6 et_pb_section et_section_regular et_block_section\"><div class=\"et_pb_row_14 et_pb_row et_block_row et_animated\"><div class=\"et_pb_column_23 et_pb_column et_pb_column_4_4 et-last-child et_block_column et_pb_css_mix_blend_mode_passthrough\"><div class=\"et_pb_text_12 et_pb_text et_pb_bg_layout_dark et_pb_module et_block_module\"><div class=\"et_pb_text_inner\"><h3 style=\"text-align: center;\">LES CARTES ENCANTADES<\/h3>\n<p style=\"text-align: center;\">Subscriu-te al butllet\u00ed de Queralt Jorba<\/p>\n<\/div><\/div><\/div><\/div><div class=\"et_pb_row_15 et_pb_row et_block_row\"><div class=\"et_pb_column_24 et_pb_column et_pb_column_1_3 et_block_column et_pb_css_mix_blend_mode_passthrough\"><div class=\"et_pb_image_7 et_pb_image et_animated et_pb_module et_block_module\"><span class=\"et_pb_image_wrap\"><img loading=\"lazy\" decoding=\"async\" src=\"https:\/\/casa.queraltjorba.com\/wp-content\/uploads\/2026\/03\/Q-J5.png\" width=\"500\" height=\"500\" srcset=\"https:\/\/casa.queraltjorba.com\/wp-content\/uploads\/2026\/03\/Q-J5.png 500w, https:\/\/casa.queraltjorba.com\/wp-content\/uploads\/2026\/03\/Q-J5-480x480.png 480w\" sizes=\"(min-width: 0px) and (max-width: 480px) 480px, (min-width: 481px) 500px, 100vw\" class=\"wp-image-37\" title=\"Q J(5)\" \/><\/span><\/div><\/div><div class=\"et_pb_column_25 et_pb_column et_pb_column_2_3 et-last-child et_block_column et_pb_css_mix_blend_mode_passthrough\"><div class=\"et_pb_text_13 et_pb_text et_pb_bg_layout_dark et_pb_module et_block_module\"><div class=\"et_pb_text_inner\"><p>\u00a0Un espai \u00edntim a on comparteixo reflexions personals i professionals, recursos poderosos i les novetats del mes.<br \/>Aqu\u00ed hi trobar\u00e0s pensaments exclusius que no comparteixo enlloc m\u00e9s.<\/p>\n<p>Accepto la pol\u00edtica de privacitat per rebre el butllet\u00ed amb promocions i informaci\u00f3 valuosa. Pots donar-te de baixa en qualsevol moment.<\/p>\n<\/div><\/div><\/div><\/div><div class=\"et_pb_row_16 et_pb_row et_flex_row\"><div class=\"et_pb_column_26 et_pb_column et-last-child et_flex_column et_pb_css_mix_blend_mode_passthrough et_flex_column_24_24 et_flex_column_24_24_tablet et_flex_column_24_24_phone\"><div class=\"et_pb_module et_pb_button_module_wrapper et_pb_button_0_wrapper\"><a class=\"et_pb_button_0 et_pb_button et_pb_bg_layout_light et_pb_module et_flex_module\" href=\"\">Vull rebre el Butllet\u00ed<\/a><\/div><\/div><\/div><\/div>\n\n<div class=\"et_pb_section_7 et_pb_section et_section_regular et_block_section\">\n<div class=\"et_pb_row_17 et_pb_row et_block_row\">\n<div class=\"et_pb_column_27 et_pb_column et_pb_column_4_4 et-last-child et_block_column et_pb_css_mix_blend_mode_passthrough\">\n<div class=\"et_pb_image_8 et_pb_image et_pb_module et_block_module\"><span class=\"et_pb_image_wrap\"><img loading=\"lazy\" decoding=\"async\" src=\"https:\/\/casa.queraltjorba.com\/wp-content\/uploads\/2026\/03\/Q-J1.png\" width=\"500\" height=\"500\" srcset=\"https:\/\/casa.queraltjorba.com\/wp-content\/uploads\/2026\/03\/Q-J1.png 500w, https:\/\/casa.queraltjorba.com\/wp-content\/uploads\/2026\/03\/Q-J1-480x480.png 480w\" sizes=\"(min-width: 0px) and (max-width: 480px) 480px, (min-width: 481px) 500px, 100vw\" class=\"wp-image-27\" title=\"Q J(1)\" \/><\/span><\/div>\n\n<div class=\"et_pb_text_14 et_pb_text et_pb_bg_layout_dark et_pb_module et_block_module\"><div class=\"et_pb_text_inner\"><p style=\"text-align: center;\">Queralt Jorba<\/p>\n<h2 style=\"text-align: center;\">Consultoria Relacional<\/h2>\n<\/div><\/div>\n<\/div>\n<\/div>\n<\/div>","protected":false},"excerpt":{"rendered":"","protected":false},"author":1,"featured_media":0,"parent":0,"menu_order":0,"comment_status":"closed","ping_status":"closed","template":"","meta":{"footnotes":""},"class_list":["post-21","page","type-page","status-publish","hentry"],"_links":{"self":[{"href":"https:\/\/casa.queraltjorba.com\/index.php\/wp-json\/wp\/v2\/pages\/21","targetHints":{"allow":["GET"]}}],"collection":[{"href":"https:\/\/casa.queraltjorba.com\/index.php\/wp-json\/wp\/v2\/pages"}],"about":[{"href":"https:\/\/casa.queraltjorba.com\/index.php\/wp-json\/wp\/v2\/types\/page"}],"author":[{"embeddable":true,"href":"https:\/\/casa.queraltjorba.com\/index.php\/wp-json\/wp\/v2\/users\/1"}],"replies":[{"embeddable":true,"href":"https:\/\/casa.queraltjorba.com\/index.php\/wp-json\/wp\/v2\/comments?post=21"}],"version-history":[{"count":34,"href":"https:\/\/casa.queraltjorba.com\/index.php\/wp-json\/wp\/v2\/pages\/21\/revisions"}],"predecessor-version":[{"id":395,"href":"https:\/\/casa.queraltjorba.com\/index.php\/wp-json\/wp\/v2\/pages\/21\/revisions\/395"}],"wp:attachment":[{"href":"https:\/\/casa.queraltjorba.com\/index.php\/wp-json\/wp\/v2\/media?parent=21"}],"curies":[{"name":"wp","href":"https:\/\/api.w.org\/{rel}","templated":true}]}}